{"id":2775,"date":"2013-08-28T11:04:21","date_gmt":"2013-08-28T09:04:21","guid":{"rendered":"http:\/\/demo.netech.it\/duea\/recensione\/stalla-per-vacche-da-latte-san-pietro-in-gu-pd\/"},"modified":"2019-09-05T15:54:52","modified_gmt":"2019-09-05T13:54:52","slug":"stalla-per-vacche-da-latte-san-pietro-in-gu-pd","status":"publish","type":"recensione","link":"https:\/\/www.antoniniduea.it\/ro\/recensione\/stalla-per-vacche-da-latte-san-pietro-in-gu-pd\/","title":{"rendered":"GRAJD PENTRU VACI DE LAPTE &#8211; SAN PIETRO IN GU'(PD)"},"content":{"rendered":"\n<p>Trebuia s\u0103 facem un nou grajd pentru vacile f\u0103r\u0103 s\u0103 cheltuim prea mult, am ales Due A pentru raportul calitate pret.  <\/p>\n\n\n\n<p>Dovevamo realizzare la nuova stalla per le nostre vacche in lattazione senza spendere troppo, abbiamo scelto Due A per il buon rapporto qualit\u00e0 prezzo. <\/p>\n","protected":false},"featured_media":2367,"template":"","categoria_prodotto":[31],"yoast_head":"<!-- This site is optimized with the Yoast SEO plugin v15.9.1 - https:\/\/yoast.com\/wordpress\/plugins\/seo\/ -->\n<title>GRAJD PENTRU VACI DE LAPTE - SAN PIETRO IN GU&#039;(PD) - DUE A<\/title>\n<link rel=\"canonical\" href=\"https:\/\/www.antoniniduea.it\/ro\/recensione\/stalla-per-vacche-da-latte-san-pietro-in-gu-pd\/\" \/>\n<meta property=\"og:locale\" content=\"ro_RO\" \/>\n<meta property=\"og:type\" content=\"article\" \/>\n<meta property=\"og:title\" content=\"GRAJD PENTRU VACI DE LAPTE - SAN PIETRO IN GU&#039;(PD) - DUE A\" \/>\n<meta property=\"og:description\" content=\"Trebuia s\u0103 facem un nou grajd pentru vacile f\u0103r\u0103 s\u0103 cheltuim prea mult, am ales Due A pentru raportul calitate pret. Dovevamo realizzare la nuova stalla per le nostre vacche in lattazione senza spendere troppo, abbiamo scelto Due A per il buon rapporto qualit\u00e0 prezzo.\" \/>\n<meta property=\"og:url\" content=\"https:\/\/www.antoniniduea.it\/ro\/recensione\/stalla-per-vacche-da-latte-san-pietro-in-gu-pd\/\" \/>\n<meta property=\"og:site_name\" content=\"DUE A\" \/>\n<meta property=\"article:modified_time\" content=\"2019-09-05T13:54:52+00:00\" \/>\n<meta property=\"og:image\" content=\"https:\/\/www.antoniniduea.it\/wp-content\/uploads\/2019\/08\/7.trepini.jpg\" \/>\n\t<meta property=\"og:image:width\" content=\"480\" \/>\n\t<meta property=\"og:image:height\" content=\"480\" \/>\n<meta name=\"twitter:card\" content=\"summary_large_image\" \/>\n<script type=\"application\/ld+json\" class=\"yoast-schema-graph\">{\"@context\":\"https:\/\/schema.org\",\"@graph\":[{\"@type\":\"Organization\",\"@id\":\"https:\/\/www.antoniniduea.it\/ro\/#organization\",\"name\":\"Antonini DueA\",\"url\":\"https:\/\/www.antoniniduea.it\/ro\/\",\"sameAs\":[],\"logo\":{\"@type\":\"ImageObject\",\"@id\":\"https:\/\/www.antoniniduea.it\/ro\/#logo\",\"inLanguage\":\"ro-RO\",\"url\":\"https:\/\/www.antoniniduea.it\/wp-content\/uploads\/2021\/03\/logo-duea-agrizootech.png\",\"width\":187,\"height\":100,\"caption\":\"Antonini DueA\"},\"image\":{\"@id\":\"https:\/\/www.antoniniduea.it\/ro\/#logo\"}},{\"@type\":\"WebSite\",\"@id\":\"https:\/\/www.antoniniduea.it\/ro\/#website\",\"url\":\"https:\/\/www.antoniniduea.it\/ro\/\",\"name\":\"DUE A\",\"description\":\"Produzione Tunnel Agricoli, Box per vitelli nuovi e usati\",\"publisher\":{\"@id\":\"https:\/\/www.antoniniduea.it\/ro\/#organization\"},\"potentialAction\":[{\"@type\":\"SearchAction\",\"target\":\"https:\/\/www.antoniniduea.it\/ro\/?s={search_term_string}\",\"query-input\":\"required name=search_term_string\"}],\"inLanguage\":\"ro-RO\"},{\"@type\":\"ImageObject\",\"@id\":\"https:\/\/www.antoniniduea.it\/ro\/recensione\/stalla-per-vacche-da-latte-san-pietro-in-gu-pd\/#primaryimage\",\"inLanguage\":\"ro-RO\",\"url\":\"https:\/\/www.antoniniduea.it\/wp-content\/uploads\/2019\/08\/7.trepini.jpg\",\"width\":480,\"height\":480,\"caption\":\"cattle and buffalo shed\"},{\"@type\":\"WebPage\",\"@id\":\"https:\/\/www.antoniniduea.it\/ro\/recensione\/stalla-per-vacche-da-latte-san-pietro-in-gu-pd\/#webpage\",\"url\":\"https:\/\/www.antoniniduea.it\/ro\/recensione\/stalla-per-vacche-da-latte-san-pietro-in-gu-pd\/\",\"name\":\"GRAJD PENTRU VACI DE LAPTE - SAN PIETRO IN GU'(PD) - DUE A\",\"isPartOf\":{\"@id\":\"https:\/\/www.antoniniduea.it\/ro\/#website\"},\"primaryImageOfPage\":{\"@id\":\"https:\/\/www.antoniniduea.it\/ro\/recensione\/stalla-per-vacche-da-latte-san-pietro-in-gu-pd\/#primaryimage\"},\"datePublished\":\"2013-08-28T09:04:21+00:00\",\"dateModified\":\"2019-09-05T13:54:52+00:00\",\"breadcrumb\":{\"@id\":\"https:\/\/www.antoniniduea.it\/ro\/recensione\/stalla-per-vacche-da-latte-san-pietro-in-gu-pd\/#breadcrumb\"},\"inLanguage\":\"ro-RO\",\"potentialAction\":[{\"@type\":\"ReadAction\",\"target\":[\"https:\/\/www.antoniniduea.it\/ro\/recensione\/stalla-per-vacche-da-latte-san-pietro-in-gu-pd\/\"]}]},{\"@type\":\"BreadcrumbList\",\"@id\":\"https:\/\/www.antoniniduea.it\/ro\/recensione\/stalla-per-vacche-da-latte-san-pietro-in-gu-pd\/#breadcrumb\",\"itemListElement\":[{\"@type\":\"ListItem\",\"position\":1,\"item\":{\"@type\":\"WebPage\",\"@id\":\"https:\/\/www.antoniniduea.it\/ro\/\",\"url\":\"https:\/\/www.antoniniduea.it\/ro\/\",\"name\":\"Home\"}},{\"@type\":\"ListItem\",\"position\":2,\"item\":{\"@type\":\"WebPage\",\"@id\":\"https:\/\/www.antoniniduea.it\/ro\/recensione\/stalla-per-vacche-da-latte-san-pietro-in-gu-pd\/\",\"url\":\"https:\/\/www.antoniniduea.it\/ro\/recensione\/stalla-per-vacche-da-latte-san-pietro-in-gu-pd\/\",\"name\":\"GRAJD PENTRU VACI DE LAPTE &#8211; SAN PIETRO IN GU'(PD)\"}}]}]}<\/script>\n<!-- \/ Yoast SEO plugin. -->","_links":{"self":[{"href":"https:\/\/www.antoniniduea.it\/ro\/wp-json\/wp\/v2\/recensione\/2775"}],"collection":[{"href":"https:\/\/www.antoniniduea.it\/ro\/wp-json\/wp\/v2\/recensione"}],"about":[{"href":"https:\/\/www.antoniniduea.it\/ro\/wp-json\/wp\/v2\/types\/recensione"}],"version-history":[{"count":0,"href":"https:\/\/www.antoniniduea.it\/ro\/wp-json\/wp\/v2\/recensione\/2775\/revisions"}],"wp:featuredmedia":[{"embeddable":true,"href":"https:\/\/www.antoniniduea.it\/ro\/wp-json\/wp\/v2\/media\/2367"}],"wp:attachment":[{"href":"https:\/\/www.antoniniduea.it\/ro\/wp-json\/wp\/v2\/media?parent=2775"}],"wp:term":[{"taxonomy":"categoria_prodotto","embeddable":true,"href":"https:\/\/www.antoniniduea.it\/ro\/wp-json\/wp\/v2\/categoria_prodotto?post=2775"}],"curies":[{"name":"wp","href":"https:\/\/api.w.org\/{rel}","templated":true}]}}